{"version":"1.0","provider_name":"Serra FM 87,9","provider_url":"https:\/\/serrafm879.com.br\/serrafm","author_name":"serrafm87","author_url":"https:\/\/serrafm879.com.br\/serrafm\/author\/serrafm87\/","title":"Confaz aprova isen\u00e7\u00e3o do oxig\u00eanio hospitalar - Serra FM 87,9","type":"rich","width":600,"height":338,"html":"<blockquote class=\"wp-embedded-content\" data-secret=\"q0IfyvsLY7\"><a href=\"https:\/\/serrafm879.com.br\/serrafm\/2021\/01\/confaz-aprova-isencao-do-oxigenio-hospitalar\/\">Confaz aprova isen\u00e7\u00e3o do oxig\u00eanio hospitalar<\/a><\/blockquote><iframe sandbox=\"allow-scripts\" security=\"restricted\" src=\"https:\/\/serrafm879.com.br\/serrafm\/2021\/01\/confaz-aprova-isencao-do-oxigenio-hospitalar\/embed\/#?secret=q0IfyvsLY7\" width=\"600\" height=\"338\" title=\"&#8220;Confaz aprova isen\u00e7\u00e3o do oxig\u00eanio hospitalar&#8221; &#8212; Serra FM 87,9\" data-secret=\"q0IfyvsLY7\" frameborder=\"0\" marginwidth=\"0\" marginheight=\"0\" scrolling=\"no\" class=\"wp-embedded-content\"><\/iframe><script type=\"text\/javascript\">\n\/* <![CDATA[ *\/\n\/*! This file is auto-generated *\/\n!function(d,l){\"use strict\";l.querySelector&&d.addEventListener&&\"undefined\"!=typeof URL&&(d.wp=d.wp||{},d.wp.receiveEmbedMessage||(d.wp.receiveEmbedMessage=function(e){var t=e.data;if((t||t.secret||t.message||t.value)&&!\/[^a-zA-Z0-9]\/.test(t.secret)){for(var s,r,n,a=l.querySelectorAll('iframe[data-secret=\"'+t.secret+'\"]'),o=l.querySelectorAll('blockquote[data-secret=\"'+t.secret+'\"]'),c=new RegExp(\"^https?:$\",\"i\"),i=0;i<o.length;i++)o[i].style.display=\"none\";for(i=0;i<a.length;i++)s=a[i],e.source===s.contentWindow&&(s.removeAttribute(\"style\"),\"height\"===t.message?(1e3<(r=parseInt(t.value,10))?r=1e3:~~r<200&&(r=200),s.height=r):\"link\"===t.message&&(r=new URL(s.getAttribute(\"src\")),n=new URL(t.value),c.test(n.protocol))&&n.host===r.host&&l.activeElement===s&&(d.top.location.href=t.value))}},d.addEventListener(\"message\",d.wp.receiveEmbedMessage,!1),l.addEventListener(\"DOMContentLoaded\",function(){for(var e,t,s=l.querySelectorAll(\"iframe.wp-embedded-content\"),r=0;r<s.length;r++)(t=(e=s[r]).getAttribute(\"data-secret\"))||(t=Math.random().toString(36).substring(2,12),e.src+=\"#?secret=\"+t,e.setAttribute(\"data-secret\",t)),e.contentWindow.postMessage({message:\"ready\",secret:t},\"*\")},!1)))}(window,document);\n\/\/# sourceURL=https:\/\/serrafm879.com.br\/serrafm\/wp-includes\/js\/wp-embed.min.js\n\/* ]]> *\/\n<\/script>\n","thumbnail_url":"https:\/\/serrafm879.com.br\/serrafm\/wp-content\/uploads\/2021\/01\/08-14-11-cilindro-oxigenio.jpg","thumbnail_width":774,"thumbnail_height":439,"description":"O Governo do estado de Pernambuco, por meio da Secretaria da Fazenda, durante reuni\u00e3o do Conselho Nacional de Pol\u00edtica Fazend\u00e1ria (Confaz), na manh\u00e3 de ontem (quinta-feira, 21), votou a favor da isen\u00e7\u00e3o do Imposto sobre Circula\u00e7\u00e3o de Mercadorias e Servi\u00e7os (ICMS) sobre o oxig\u00eanio hospitalar. \u201cA medida vale tanto para a aquisi\u00e7\u00e3o do Estado de Pernambuco, destinadas \u00e0s unidades hospitalares aqui situadas, quanto \u00e0 remessa solid\u00e1ria de Pernambuco ao estado do Amazonas\u201d, assegurou o secret\u00e1rio da Fazenda de Pernambuco D\u00e9cio Padilha, que esteve reunido com os 27 Secret\u00e1rios de Fazenda do Pa\u00eds, durante a reuni\u00e3o do Confaz. Pernambuco parceiro do [&hellip;]"}