{"version":"1.0","provider_name":"Serra FM 87,9","provider_url":"https:\/\/serrafm879.com.br\/serrafm","author_name":"serrafm87","author_url":"https:\/\/serrafm879.com.br\/serrafm\/author\/serrafm87\/","title":"Governo divulga p\u00fablicos priorit\u00e1rios para vacina\u00e7\u00e3o - Serra FM 87,9","type":"rich","width":600,"height":338,"html":"<blockquote class=\"wp-embedded-content\" data-secret=\"I5p0PEOPhI\"><a href=\"https:\/\/serrafm879.com.br\/serrafm\/2021\/01\/governo-divulga-publicos-prioritarios-para-vacinacao\/\">Governo divulga p\u00fablicos priorit\u00e1rios para vacina\u00e7\u00e3o<\/a><\/blockquote><iframe sandbox=\"allow-scripts\" security=\"restricted\" src=\"https:\/\/serrafm879.com.br\/serrafm\/2021\/01\/governo-divulga-publicos-prioritarios-para-vacinacao\/embed\/#?secret=I5p0PEOPhI\" width=\"600\" height=\"338\" title=\"&#8220;Governo divulga p\u00fablicos priorit\u00e1rios para vacina\u00e7\u00e3o&#8221; &#8212; Serra FM 87,9\" data-secret=\"I5p0PEOPhI\" frameborder=\"0\" marginwidth=\"0\" marginheight=\"0\" scrolling=\"no\" class=\"wp-embedded-content\"><\/iframe><script type=\"text\/javascript\">\n\/* <![CDATA[ *\/\n\/*! This file is auto-generated *\/\n!function(d,l){\"use strict\";l.querySelector&&d.addEventListener&&\"undefined\"!=typeof URL&&(d.wp=d.wp||{},d.wp.receiveEmbedMessage||(d.wp.receiveEmbedMessage=function(e){var t=e.data;if((t||t.secret||t.message||t.value)&&!\/[^a-zA-Z0-9]\/.test(t.secret)){for(var s,r,n,a=l.querySelectorAll('iframe[data-secret=\"'+t.secret+'\"]'),o=l.querySelectorAll('blockquote[data-secret=\"'+t.secret+'\"]'),c=new RegExp(\"^https?:$\",\"i\"),i=0;i<o.length;i++)o[i].style.display=\"none\";for(i=0;i<a.length;i++)s=a[i],e.source===s.contentWindow&&(s.removeAttribute(\"style\"),\"height\"===t.message?(1e3<(r=parseInt(t.value,10))?r=1e3:~~r<200&&(r=200),s.height=r):\"link\"===t.message&&(r=new URL(s.getAttribute(\"src\")),n=new URL(t.value),c.test(n.protocol))&&n.host===r.host&&l.activeElement===s&&(d.top.location.href=t.value))}},d.addEventListener(\"message\",d.wp.receiveEmbedMessage,!1),l.addEventListener(\"DOMContentLoaded\",function(){for(var e,t,s=l.querySelectorAll(\"iframe.wp-embedded-content\"),r=0;r<s.length;r++)(t=(e=s[r]).getAttribute(\"data-secret\"))||(t=Math.random().toString(36).substring(2,12),e.src+=\"#?secret=\"+t,e.setAttribute(\"data-secret\",t)),e.contentWindow.postMessage({message:\"ready\",secret:t},\"*\")},!1)))}(window,document);\n\/\/# sourceURL=https:\/\/serrafm879.com.br\/serrafm\/wp-includes\/js\/wp-embed.min.js\n\/* ]]> *\/\n<\/script>\n","thumbnail_url":"https:\/\/serrafm879.com.br\/serrafm\/wp-content\/uploads\/2020\/08\/sarampo.jpg","thumbnail_width":1170,"thumbnail_height":700,"description":"O governo federal divulgou nesta\u00a0quinta-feira (28) o plano que estabelece a ordem de vacina\u00e7\u00e3o contra a covid-19 para os grupos priorit\u00e1rios. A sele\u00e7\u00e3o das popula\u00e7\u00f5es com prioridade foi elaborada pelo Minist\u00e9rio da Sa\u00fade e, de acordo com a pasta, foi baseada em princ\u00edpios da Organiza\u00e7\u00e3o Mundial da Sa\u00fade (OMS) e feita em acordo com entidades como o Conselho Nacional de Secret\u00e1rios de Sa\u00fade (Conass) e o Conselho Nacional de Secretarias Municipais de Sa\u00fade (Conasems). Ao todo, s\u00e3o 27 categorias priorit\u00e1rias pessoas, que incluem, por exemplo pessoas acima de 60 anos, trabalhadores da sa\u00fade, ind\u00edgenas, pessoas em situa\u00e7\u00e3o de rua, entre [&hellip;]"}