{"version":"1.0","provider_name":"Serra FM 87,9","provider_url":"https:\/\/serrafm879.com.br\/serrafm","author_name":"serrafm87","author_url":"https:\/\/serrafm879.com.br\/serrafm\/author\/serrafm87\/","title":"Na C\u00e2mara, Paulo Guedes \u00e9 pressionado sobre \u2018tratora\u00e7o\u2019 - Serra FM 87,9","type":"rich","width":600,"height":338,"html":"<blockquote class=\"wp-embedded-content\" data-secret=\"L7R86X2hdb\"><a href=\"https:\/\/serrafm879.com.br\/serrafm\/2021\/05\/na-camara-paulo-guedes-e-pressionado-sobre-tratoraco\/\">Na C\u00e2mara, Paulo Guedes \u00e9 pressionado sobre \u2018tratora\u00e7o\u2019<\/a><\/blockquote><iframe sandbox=\"allow-scripts\" security=\"restricted\" src=\"https:\/\/serrafm879.com.br\/serrafm\/2021\/05\/na-camara-paulo-guedes-e-pressionado-sobre-tratoraco\/embed\/#?secret=L7R86X2hdb\" width=\"600\" height=\"338\" title=\"&#8220;Na C\u00e2mara, Paulo Guedes \u00e9 pressionado sobre \u2018tratora\u00e7o\u2019&#8221; &#8212; Serra FM 87,9\" data-secret=\"L7R86X2hdb\" frameborder=\"0\" marginwidth=\"0\" marginheight=\"0\" scrolling=\"no\" class=\"wp-embedded-content\"><\/iframe><script type=\"text\/javascript\">\n\/* <![CDATA[ *\/\n\/*! This file is auto-generated *\/\n!function(d,l){\"use strict\";l.querySelector&&d.addEventListener&&\"undefined\"!=typeof URL&&(d.wp=d.wp||{},d.wp.receiveEmbedMessage||(d.wp.receiveEmbedMessage=function(e){var t=e.data;if((t||t.secret||t.message||t.value)&&!\/[^a-zA-Z0-9]\/.test(t.secret)){for(var s,r,n,a=l.querySelectorAll('iframe[data-secret=\"'+t.secret+'\"]'),o=l.querySelectorAll('blockquote[data-secret=\"'+t.secret+'\"]'),c=new RegExp(\"^https?:$\",\"i\"),i=0;i<o.length;i++)o[i].style.display=\"none\";for(i=0;i<a.length;i++)s=a[i],e.source===s.contentWindow&&(s.removeAttribute(\"style\"),\"height\"===t.message?(1e3<(r=parseInt(t.value,10))?r=1e3:~~r<200&&(r=200),s.height=r):\"link\"===t.message&&(r=new URL(s.getAttribute(\"src\")),n=new URL(t.value),c.test(n.protocol))&&n.host===r.host&&l.activeElement===s&&(d.top.location.href=t.value))}},d.addEventListener(\"message\",d.wp.receiveEmbedMessage,!1),l.addEventListener(\"DOMContentLoaded\",function(){for(var e,t,s=l.querySelectorAll(\"iframe.wp-embedded-content\"),r=0;r<s.length;r++)(t=(e=s[r]).getAttribute(\"data-secret\"))||(t=Math.random().toString(36).substring(2,12),e.src+=\"#?secret=\"+t,e.setAttribute(\"data-secret\",t)),e.contentWindow.postMessage({message:\"ready\",secret:t},\"*\")},!1)))}(window,document);\n\/\/# sourceURL=https:\/\/serrafm879.com.br\/serrafm\/wp-includes\/js\/wp-embed.min.js\n\/* ]]> *\/\n<\/script>\n","thumbnail_url":"https:\/\/serrafm879.com.br\/serrafm\/wp-content\/uploads\/2020\/04\/pauloguedes.jpg","thumbnail_width":1170,"thumbnail_height":700,"description":"O ministro da Economia,\u00a0Paulo Guedes, disse nesta ter\u00e7a-feira, 11, que \u201cgrandes neg\u00f3cios nas estatais e esc\u00e2ndalos\u201d eram uma especialidade de governos anteriores. \u201cNeg\u00f3cios e esc\u00e2ndalos em estatais n\u00e3o \u00e9 especialidade deste governo, \u00e9 de outros. Parece que isso n\u00e3o nos atingiu ainda, vamos ver\u201d, afirmou, em audi\u00eancia p\u00fablica na Comiss\u00e3o de Constitui\u00e7\u00e3o e Justi\u00e7a (CCJ) da C\u00e2mara dos Deputados, que analisa a admissibilidade da PEC 32, da reforma administrativa. Guedes foi confrontado por parlamentares da oposi\u00e7\u00e3o sobre o \u201cor\u00e7amento secreto\u201d revelado pelo jornal O Estado de S. Paulo. No ano passado, segundo a reportagem, o governo destinou R$ 3 bilh\u00f5es [&hellip;]"}